{"id":7,"date":"2019-09-07T20:52:27","date_gmt":"2019-09-07T20:52:27","guid":{"rendered":"https:\/\/www.fd.uc.pt\/~apsilva\/josebranco\/?page_id=7"},"modified":"2019-10-20T15:50:41","modified_gmt":"2019-10-20T15:50:41","slug":"apresentacao","status":"publish","type":"page","link":"https:\/\/josebrancofado.pt\/index.php\/apresentacao\/","title":{"rendered":"Apresenta\u00e7\u00e3o"},"content":{"rendered":"<div id=\"pl-gb7-69f3688e959ad\"  class=\"panel-layout\" ><div id=\"pg-gb7-69f3688e959ad-0\"  class=\"panel-grid panel-no-style\" ><div id=\"pgc-gb7-69f3688e959ad-0-0\"  class=\"panel-grid-cell\" ><div id=\"panel-gb7-69f3688e959ad-0-0-0\" class=\"so-panel widget widget_media_image panel-first-child panel-last-child\" data-index=\"0\" ><img loading=\"lazy\" decoding=\"async\" width=\"300\" height=\"300\" src=\"https:\/\/josebrancofado.pt\/wp-content\/uploads\/2019\/09\/ap-300x300.jpg\" class=\"image wp-image-55  attachment-medium size-medium\" alt=\"Jos\u00e9 Rui Branco\" style=\"max-width: 100%; height: auto;\" srcset=\"https:\/\/josebrancofado.pt\/wp-content\/uploads\/2019\/09\/ap-300x300.jpg 300w, https:\/\/josebrancofado.pt\/wp-content\/uploads\/2019\/09\/ap-150x150.jpg 150w, https:\/\/josebrancofado.pt\/wp-content\/uploads\/2019\/09\/ap-768x768.jpg 768w, https:\/\/josebrancofado.pt\/wp-content\/uploads\/2019\/09\/ap-1024x1024.jpg 1024w, https:\/\/josebrancofado.pt\/wp-content\/uploads\/2019\/09\/ap.jpg 1140w\" sizes=\"(max-width: 300px) 100vw, 300px\" \/><\/div><\/div><div id=\"pgc-gb7-69f3688e959ad-0-1\"  class=\"panel-grid-cell\" ><div id=\"panel-gb7-69f3688e959ad-0-1-0\" class=\"so-panel widget widget_text panel-first-child panel-last-child\" data-index=\"1\" >\t\t\t<div class=\"textwidget\"><p style=\"text-align: justify;\">Jos\u00e9 Rui Branco cedo come\u00e7ou o seu percurso musical na Escola de M\u00fasica da Jobra, iniciando-se na guitarra cl\u00e1ssica. Sempre mostrou uma grande empatia com a m\u00fasica portuguesa, popular e de cariz acad\u00e9mico. Essas inclina\u00e7\u00f5es ainda hoje perduram com intensidade e dedica\u00e7\u00e3o extremas. Em 2003 ingressa na Tuna da Universidade Cat\u00f3lica do Porto. Em 2005, j\u00e1 em Coimbra, envereda pela sua paix\u00e3o maior, o Fado, e come\u00e7a a desenvolver a sua carreira enquanto m\u00fasico. Colabora com o grupo \u201cPardalitos do Mondego\u201d, onde come\u00e7a a aprender o canto de Coimbra. Em 2007 integra como fundador o grupo \u201cA Velha Cabra\u201d, actuando por todo Portugal e no pa\u00eds vizinho. Participa ainda em v\u00e1rias actua\u00e7\u00f5es com o grupo Guitarras de Coimbra absorvendo e amadurecendo o seu gosto e t\u00e9cnica musical. Dois anos depois integra um dos grupos de fado de refer\u00eancia da sua gera\u00e7\u00e3o &#8211; Grupo de Fados Minerva.<\/p>\n<p style=\"text-align: justify;\">Frequenta a Escola de M\u00fasica dos Antigos Orfeonistas sob a tutela do tenor Nuno Silva e mais tarde da soprano Catarina Braga. Em 2014 integra a Escola Fado ao Centro, com a Professora Mafalda Umbelino Camilo.<\/p>\n<p style=\"text-align: justify;\">\u00c9, desde 2011 colaborador da associa\u00e7\u00e3o cultural Fado ao Centro, em Coimbra. Em 2017 \u00e9 fundador de mais um projecto inovador, sediado em Viseu, o Grupo de Fados TriunViriato.<\/p>\n<p style=\"text-align: justify;\">Com os diversos grupos citados tem actuado em Portugal continental, ilhas e no estrangeiro, tanto em espect\u00e1culos de cariz social como em concertos, serenatas e outros eventos. Jos\u00e9 Branco \u00e9 um fadista de Coimbra da nova gera\u00e7\u00e3o, que, sem adulterar a tradi\u00e7\u00e3o, consegue recriar a m\u00fasica coimbr\u00e3 com laivos de modernidade.<\/p>\n<\/div>\n\t\t<\/div><\/div><\/div><div id=\"pg-gb7-69f3688e959ad-1\"  class=\"panel-grid panel-has-style\" ><div class=\"siteorigin-panels-stretch panel-row-style panel-row-style-for-gb7-69f3688e959ad-1\" data-stretch-type=\"full-width-stretch\" ><div id=\"pgc-gb7-69f3688e959ad-1-0\"  class=\"panel-grid-cell\" ><div id=\"panel-gb7-69f3688e959ad-1-0-0\" class=\"so-panel widget widget_media_image panel-first-child panel-last-child\" data-index=\"2\" ><div class=\"wow fadeInDown panel-widget-style panel-widget-style-for-gb7-69f3688e959ad-1-0-0\" data-wow-offset=\"10\" data-wow-iteration=\"1\" ><img loading=\"lazy\" decoding=\"async\" width=\"1920\" height=\"400\" src=\"https:\/\/josebrancofado.pt\/wp-content\/uploads\/2019\/10\/banner_c.jpg\" class=\"image wp-image-536  attachment-full size-full\" alt=\"\" style=\"max-width: 100%; height: auto;\" srcset=\"https:\/\/josebrancofado.pt\/wp-content\/uploads\/2019\/10\/banner_c.jpg 1920w, https:\/\/josebrancofado.pt\/wp-content\/uploads\/2019\/10\/banner_c-300x63.jpg 300w, https:\/\/josebrancofado.pt\/wp-content\/uploads\/2019\/10\/banner_c-768x160.jpg 768w, https:\/\/josebrancofado.pt\/wp-content\/uploads\/2019\/10\/banner_c-1024x213.jpg 1024w\" sizes=\"(max-width: 1920px) 100vw, 1920px\" \/><\/div><\/div><\/div><\/div><\/div><\/div>","protected":false},"excerpt":{"rendered":"<p>Jos\u00e9 Rui Branco cedo come\u00e7ou o seu percurso musical na Escola de M\u00fasica da Jobra, iniciando-se na guitarra cl\u00e1ssica. Sempre mostrou uma grande empatia com a m\u00fasica portuguesa, popular e de cariz acad\u00e9mico. Essas inclina\u00e7\u00f5es ainda hoje perduram com intensidade e dedica\u00e7\u00e3o extremas. Em 2003 ingressa na Tuna da Universidade Cat\u00f3lica do Porto. Em 2005, [&hellip;]<\/p>\n","protected":false},"author":1,"featured_media":0,"parent":0,"menu_order":0,"comment_status":"closed","ping_status":"closed","template":"page-templates\/full-width.php","meta":{"footnotes":""},"_links":{"self":[{"href":"https:\/\/josebrancofado.pt\/index.php\/wp-json\/wp\/v2\/pages\/7"}],"collection":[{"href":"https:\/\/josebrancofado.pt\/index.php\/wp-json\/wp\/v2\/pages"}],"about":[{"href":"https:\/\/josebrancofado.pt\/index.php\/wp-json\/wp\/v2\/types\/page"}],"author":[{"embeddable":true,"href":"https:\/\/josebrancofado.pt\/index.php\/wp-json\/wp\/v2\/users\/1"}],"replies":[{"embeddable":true,"href":"https:\/\/josebrancofado.pt\/index.php\/wp-json\/wp\/v2\/comments?post=7"}],"version-history":[{"count":10,"href":"https:\/\/josebrancofado.pt\/index.php\/wp-json\/wp\/v2\/pages\/7\/revisions"}],"predecessor-version":[{"id":545,"href":"https:\/\/josebrancofado.pt\/index.php\/wp-json\/wp\/v2\/pages\/7\/revisions\/545"}],"wp:attachment":[{"href":"https:\/\/josebrancofado.pt\/index.php\/wp-json\/wp\/v2\/media?parent=7"}],"curies":[{"name":"wp","href":"https:\/\/api.w.org\/{rel}","templated":true}]}}